{"id":1241,"date":"2023-07-27T08:47:58","date_gmt":"2023-07-27T08:47:58","guid":{"rendered":"https:\/\/vazquezmontalban.bnc.cat\/home\/"},"modified":"2023-11-13T15:28:12","modified_gmt":"2023-11-13T15:28:12","slug":"home","status":"publish","type":"page","link":"https:\/\/vazquezmontalban.bnc.cat\/es\/","title":{"rendered":"Inicio"},"content":{"rendered":"<p>[et_pb_section fb_built=\u00bb1&#8243; admin_label=\u00bbsection\u00bb module_class=\u00bbflex flex-column\u00bb _builder_version=\u00bb4.22.1&#8243; background_image=\u00bbhttps:\/\/vazquezmontalban.bnc.cat\/wp-content\/uploads\/2023\/09\/HEROv2.jpg\u00bb background_position=\u00bbtop_center\u00bb min_height=\u00bb97vh\u00bb max_height=\u00bb100vh\u00bb custom_padding=\u00bb0px||2em||false|false\u00bb background_last_edited=\u00bbon|phone\u00bb use_background_color_gradient_phone=\u00bbon\u00bb background_color_gradient_stops_phone=\u00bbrgba(255,255,255,0) 0%|rgba(2,11,17,0.6) 81%\u00bb background_color_gradient_overlays_image_phone=\u00bbon\u00bb background_size_phone=\u00bbcustom\u00bb background_image_height_phone=\u00bb100%\u00bb background_position_phone=\u00bbcenter_right\u00bb background_horizontal_offset_phone=\u00bb39%\u00bb global_colors_info=\u00bb{}\u00bb][et_pb_row column_structure=\u00bb1_3,1_3,1_3&#8243; make_equal=\u00bbon\u00bb module_class=\u00bbm-top-auto\u00bb _builder_version=\u00bb4.21.0&#8243; _module_preset=\u00bbdefault\u00bb custom_margin=\u00bb||0px||false|false\u00bb custom_padding=\u00bb||0px||false|false\u00bb global_colors_info=\u00bb{}\u00bb][et_pb_column type=\u00bb1_3&#8243; _builder_version=\u00bb4.21.0&#8243; _module_preset=\u00bbdefault\u00bb global_colors_info=\u00bb{}\u00bb][et_pb_text _builder_version=\u00bb4.22.0&#8243; _module_preset=\u00bbdefault\u00bb header_text_color=\u00bb#F8F9F2&#8243; header_font_size=\u00bb3em\u00bb animation_style=\u00bbfade\u00bb global_colors_info=\u00bb{}\u00bb]<\/p>\n<h1>MANUEL<br \/>V\u00c1ZQUEZ<br \/>MONTALB\u00c1N<\/h1>\n<p>[\/et_pb_text][et_pb_text _builder_version=\u00bb4.22.1&#8243; _module_preset=\u00bbdefault\u00bb text_text_color=\u00bb#F8F9F2&#8243; text_font_size=\u00bb1.2em\u00bb text_line_height=\u00bb1.1em\u00bb animation_style=\u00bbfade\u00bb global_colors_info=\u00bb{}\u00bb]<\/p>\n<p>Barcelona, 14\/06\/1939<br \/>Bangkok, 18\/10\/2003<\/p>\n<p>[\/et_pb_text][\/et_pb_column][et_pb_column type=\u00bb1_3&#8243; _builder_version=\u00bb4.21.0&#8243; _module_preset=\u00bbdefault\u00bb global_colors_info=\u00bb{}\u00bb][\/et_pb_column][et_pb_column type=\u00bb1_3&#8243; module_class=\u00bbflex flex-column\u00bb _builder_version=\u00bb4.21.0&#8243; _module_preset=\u00bbdefault\u00bb global_colors_info=\u00bb{}\u00bb][et_pb_text module_class=\u00bbm-top-auto m-left-auto\u00bb _builder_version=\u00bb4.21.0&#8243; _module_preset=\u00bbdefault\u00bb text_text_color=\u00bb#F8F9F2&#8243; text_font_size=\u00bb1em\u00bb text_line_height=\u00bb1.1em\u00bb animation_style=\u00bbfade\u00bb custom_css_main_element=\u00bbwidth:fit-content;\t||\u00bb global_colors_info=\u00bb{}\u00bb]<\/p>\n<p>ESCRITOR<br \/>POETA<br \/>PERIODISTA<br \/>PERSONA P\u00daBLICA<\/p>\n<p>[\/et_pb_text][\/et_pb_column][\/et_pb_row][et_pb_row column_structure=\u00bb1_3,1_3,1_3&#8243; _builder_version=\u00bb4.21.0&#8243; _module_preset=\u00bbdefault\u00bb custom_margin=\u00bb4em||0px||false|false\u00bb custom_padding=\u00bb0px||0px||false|false\u00bb global_colors_info=\u00bb{}\u00bb][et_pb_column type=\u00bb1_3&#8243; _builder_version=\u00bb4.21.0&#8243; _module_preset=\u00bbdefault\u00bb global_colors_info=\u00bb{}\u00bb][et_pb_text _builder_version=\u00bb4.21.0&#8243; _module_preset=\u00bbdefault\u00bb text_text_color=\u00bb#F8F9F2&#8243; text_font_size=\u00bb0.8em\u00bb animation_style=\u00bbfade\u00bb global_colors_info=\u00bb{}\u00bb]RETRATO. FOTO: COLITA[\/et_pb_text][\/et_pb_column][et_pb_column type=\u00bb1_3&#8243; _builder_version=\u00bb4.21.0&#8243; _module_preset=\u00bbdefault\u00bb global_colors_info=\u00bb{}\u00bb][\/et_pb_column][et_pb_column type=\u00bb1_3&#8243; _builder_version=\u00bb4.21.0&#8243; _module_preset=\u00bbdefault\u00bb global_colors_info=\u00bb{}\u00bb][\/et_pb_column][\/et_pb_row][\/et_pb_section][et_pb_section fb_built=\u00bb1&#8243; _builder_version=\u00bb4.21.0&#8243; _module_preset=\u00bbdefault\u00bb global_colors_info=\u00bb{}\u00bb][et_pb_row custom_padding_last_edited=\u00bbon|phone\u00bb _builder_version=\u00bb4.22.1&#8243; _module_preset=\u00bbdefault\u00bb custom_padding_tablet=\u00bb\u00bb custom_padding_phone=\u00bb0px||0px||false|false\u00bb global_colors_info=\u00bb{}\u00bb][et_pb_column type=\u00bb4_4&#8243; _builder_version=\u00bb4.21.0&#8243; _module_preset=\u00bbdefault\u00bb global_colors_info=\u00bb{}\u00bb][et_pb_text _builder_version=\u00bb4.21.0&#8243; _module_preset=\u00bbdefault\u00bb animation_style=\u00bbfade\u00bb global_colors_info=\u00bb{}\u00bb]<\/p>\n<h2>Mi vida es m\u00e1s <em>historia<\/em> que vida hasta los a\u00f1os setenta, y desde entonces ha estado m\u00e1s <em>literatura<\/em> que vida.<\/h2>\n<p>[\/et_pb_text][\/et_pb_column][\/et_pb_row][et_pb_row column_structure=\u00bb1_2,1_2&#8243; _builder_version=\u00bb4.21.0&#8243; _module_preset=\u00bbdefault\u00bb global_colors_info=\u00bb{}\u00bb][et_pb_column type=\u00bb1_2&#8243; _builder_version=\u00bb4.21.0&#8243; _module_preset=\u00bbdefault\u00bb global_colors_info=\u00bb{}\u00bb][et_pb_text _builder_version=\u00bb4.22.2&#8243; _module_preset=\u00bbdefault\u00bb text_text_color=\u00bb#020B11&#8243; custom_padding=\u00bb||1px|||\u00bb animation_style=\u00bbfade\u00bb hover_enabled=\u00bb0&#8243; global_colors_info=\u00bb{}\u00bb sticky_enabled=\u00bb0&#8243;]<\/p>\n<p>Fue un novelista, ensayista, poeta y periodista conocido en buena medida por sus novelas polic\u00edacas protagonizadas por Pepe Carvalho. Persona inclasificable, se defin\u00eda a si mismo como periodista, novelista, poeta, ensayista, ant\u00f3logo, prologuista, humorista, cr\u00edtico, gastr\u00f3nomo, cul\u00e9 y prol\u00edfico en general, o simplemente, como un comunista hedonista y sentimental. El 1991 le fue otorgado el Premio Nacional de Narrativa y el 1995 el Premio Nacional de las Letras Espa\u00f1olas.<\/p>\n<p>El fondo personal y buena parte de la biblioteca de Manuel Vazquez Montalb\u00e1n se encuentran disponibles en la Biblioteca de Catalunya gracias a la donaci\u00f3n que hizo su familia el 2016. La biblioteca consta de cerca de un millar de vol\u00famenes principalmente enfocados al \u00e1mbito human\u00edstico (literatura, periodismo y comunicaci\u00f3n, pol\u00edtica, historia, art&#8230;) pero tambi\u00e9n a los deportes o la gastronom\u00eda; se puede recuperar todo el conjunto en el cat\u00e1logo de la Biblioteca de Catalunya buscando por <a href=\"https:\/\/explora.bnc.cat\/discovery\/search?query=creator,equals,Fons%20Manuel%20V%C3%A1zquez%20Montalb%C3%A1n%20(Biblioteca%20de%20Catalunya),AND&amp;tab=LibraryCatalog&amp;search_scope=MyInstitution&amp;vid=34CSUC_BC:VU1&amp;lang=ca&amp;mode=advanced&amp;offset=0\">Fons Manuel V\u00e1zquez Montalb\u00e1n (Biblioteca de Catalunya)<\/a><span>. <\/span><\/p>\n<p>[\/et_pb_text][\/et_pb_column][et_pb_column type=\u00bb1_2&#8243; _builder_version=\u00bb4.21.0&#8243; _module_preset=\u00bbdefault\u00bb global_colors_info=\u00bb{}\u00bb][et_pb_text _builder_version=\u00bb4.21.0&#8243; _module_preset=\u00bbdefault\u00bb text_text_color=\u00bb#020B11&#8243; link_font=\u00bb||||on||||\u00bb link_text_color=\u00bb#020B11&#8243; animation_style=\u00bbfade\u00bb global_colors_info=\u00bb{}\u00bb]<\/p>\n<p><span>Tanto sus papeles (manuscritos, mecanuscritos, etc.), como el material sonoro\u00a0 y audiovisual \u2014mayoritariamente de car\u00e1cter no comercial, una parte del cual contiene grabaciones de entrevistes, programas culturales o literarios que analizan la obra de Manuel V\u00e1zquez Montalb\u00e1n\u2014 as\u00ed como un conjunto de unas 300 fotograf\u00edas que ilustran su figura, disponen de inventarios espec\u00edficos detallados para facilitar su consulta.<\/span><\/p>\n<p>Esta web quiere aproximarnos a su figura y contribuir al conocimiento de su obra. La web es una colaboraci\u00f3n entre la Biblioteca de Catalunya y la Asociaci\u00f3n de Estudios Manuel V\u00e1zquez Montalb\u00e1n, diversos expertos de la cual han redactado los textos y seleccionado los contenidos<\/p>\n<p>[\/et_pb_text][\/et_pb_column][\/et_pb_row][et_pb_row column_structure=\u00bb1_2,1_2&#8243; _builder_version=\u00bb4.21.0&#8243; _module_preset=\u00bbdefault\u00bb global_colors_info=\u00bb{}\u00bb][et_pb_column type=\u00bb1_2&#8243; _builder_version=\u00bb4.21.0&#8243; _module_preset=\u00bbdefault\u00bb global_colors_info=\u00bb{}\u00bb][et_pb_button button_url=\u00bb@ET-DC@eyJkeW5hbWljIjp0cnVlLCJjb250ZW50IjoicG9zdF9saW5rX3VybF9wYWdlIiwic2V0dGluZ3MiOnsicG9zdF9pZCI6IjUxMCJ9fQ==@\u00bb button_text=\u00bbBIOGRAF\u00cdA\u00bb _builder_version=\u00bb4.22.0&#8243; _dynamic_attributes=\u00bbbutton_url\u00bb _module_preset=\u00bbdefault\u00bb animation_style=\u00bbfade\u00bb global_colors_info=\u00bb{}\u00bb][\/et_pb_button][\/et_pb_column][et_pb_column type=\u00bb1_2&#8243; _builder_version=\u00bb4.21.0&#8243; _module_preset=\u00bbdefault\u00bb global_colors_info=\u00bb{}\u00bb][\/et_pb_column][\/et_pb_row][\/et_pb_section][et_pb_section fb_built=\u00bb1&#8243; module_class=\u00bblink_home\u00bb _builder_version=\u00bb4.21.0&#8243; _dynamic_attributes=\u00bblink_option_url\u00bb _module_preset=\u00bbdefault\u00bb custom_padding=\u00bb0px||0px||false|false\u00bb link_option_url=\u00bb@ET-DC@eyJkeW5hbWljIjp0cnVlLCJjb250ZW50IjoicG9zdF9saW5rX3VybF9wYWdlIiwic2V0dGluZ3MiOnsicG9zdF9pZCI6IjEyNiJ9fQ==@\u00bb background_last_edited=\u00bboff|desktop\u00bb border_width_top=\u00bb2px\u00bb border_color_top=\u00bb#DF0000&#8243; global_colors_info=\u00bb{}\u00bb background__hover_enabled=\u00bbon|desktop\u00bb background_color__hover=\u00bb#DF0000&#8243; background_enable_color__hover=\u00bbon\u00bb][et_pb_row _builder_version=\u00bb4.21.0&#8243; _module_preset=\u00bbdefault\u00bb global_colors_info=\u00bb{}\u00bb][et_pb_column type=\u00bb4_4&#8243; _builder_version=\u00bb4.21.0&#8243; _module_preset=\u00bbdefault\u00bb global_colors_info=\u00bb{}\u00bb][et_pb_text _builder_version=\u00bb4.21.0&#8243; _module_preset=\u00bbdefault\u00bb text_font=\u00bb|300|||||||\u00bb text_text_color=\u00bb#DF0000&#8243; text_font_size=\u00bb2.5em\u00bb text_letter_spacing=\u00bb-1px\u00bb custom_padding=\u00bb0em||0em||false|false\u00bb animation_style=\u00bbfade\u00bb global_colors_info=\u00bb{}\u00bb]<\/p>\n<p><a href=\"https:\/\/vazquezmontalban.bnc.cat\/es\/novela-negra\/\" title=\"Novela Negra\">NOVELA NEGRA<\/a><\/p>\n<p>[\/et_pb_text][\/et_pb_column][\/et_pb_row][\/et_pb_section][et_pb_section fb_built=\u00bb1&#8243; module_class=\u00bblink_home\u00bb _builder_version=\u00bb4.21.0&#8243; _dynamic_attributes=\u00bblink_option_url\u00bb _module_preset=\u00bbdefault\u00bb custom_padding=\u00bb0px||0px||false|false\u00bb link_option_url=\u00bb@ET-DC@eyJkeW5hbWljIjp0cnVlLCJjb250ZW50IjoicG9zdF9saW5rX3VybF9wYWdlIiwic2V0dGluZ3MiOnsicG9zdF9pZCI6IjI5NyJ9fQ==@\u00bb background_last_edited=\u00bboff|desktop\u00bb border_width_top=\u00bb2px\u00bb border_color_top=\u00bb#DF0000&#8243; global_colors_info=\u00bb{}\u00bb background__hover_enabled=\u00bbon|desktop\u00bb background_color__hover=\u00bb#DF0000&#8243; background_enable_color__hover=\u00bbon\u00bb][et_pb_row _builder_version=\u00bb4.21.0&#8243; _module_preset=\u00bbdefault\u00bb global_colors_info=\u00bb{}\u00bb][et_pb_column type=\u00bb4_4&#8243; _builder_version=\u00bb4.21.0&#8243; _module_preset=\u00bbdefault\u00bb global_colors_info=\u00bb{}\u00bb][et_pb_text _builder_version=\u00bb4.21.0&#8243; _module_preset=\u00bbdefault\u00bb text_font=\u00bb|300|||||||\u00bb text_text_color=\u00bb#DF0000&#8243; text_font_size=\u00bb2.5em\u00bb text_letter_spacing=\u00bb-1px\u00bb animation_style=\u00bbfade\u00bb global_colors_info=\u00bb{}\u00bb]<\/p>\n<p><a href=\"https:\/\/vazquezmontalban.bnc.cat\/es\/periodismo\/\" title=\"Periodismo\">PERIODISMO<\/a><\/p>\n<p>[\/et_pb_text][\/et_pb_column][\/et_pb_row][\/et_pb_section][et_pb_section fb_built=\u00bb1&#8243; module_class=\u00bblink_home\u00bb _builder_version=\u00bb4.21.0&#8243; _dynamic_attributes=\u00bblink_option_url\u00bb _module_preset=\u00bbdefault\u00bb custom_padding=\u00bb0px||0px||false|false\u00bb link_option_url=\u00bb@ET-DC@eyJkeW5hbWljIjp0cnVlLCJjb250ZW50IjoicG9zdF9saW5rX3VybF9wYWdlIiwic2V0dGluZ3MiOnsicG9zdF9pZCI6IjMwMyJ9fQ==@\u00bb background_last_edited=\u00bboff|desktop\u00bb border_width_top=\u00bb2px\u00bb border_color_top=\u00bb#DF0000&#8243; global_colors_info=\u00bb{}\u00bb background__hover_enabled=\u00bbon|desktop\u00bb background_color__hover=\u00bb#DF0000&#8243; background_enable_color__hover=\u00bbon\u00bb][et_pb_row _builder_version=\u00bb4.21.0&#8243; _module_preset=\u00bbdefault\u00bb global_colors_info=\u00bb{}\u00bb][et_pb_column type=\u00bb4_4&#8243; _builder_version=\u00bb4.21.0&#8243; _module_preset=\u00bbdefault\u00bb global_colors_info=\u00bb{}\u00bb][et_pb_text _builder_version=\u00bb4.21.0&#8243; _module_preset=\u00bbdefault\u00bb text_font=\u00bb|300|||||||\u00bb text_text_color=\u00bb#DF0000&#8243; text_font_size=\u00bb2.5em\u00bb text_letter_spacing=\u00bb-1px\u00bb animation_style=\u00bbfade\u00bb global_colors_info=\u00bb{}\u00bb]<\/p>\n<p><a href=\"https:\/\/vazquezmontalban.bnc.cat\/es\/poesia\/\" title=\"Poes\u00eda\">POES\u00cdA<\/a><\/p>\n<p>[\/et_pb_text][\/et_pb_column][\/et_pb_row][\/et_pb_section][et_pb_section fb_built=\u00bb1&#8243; module_class=\u00bblink_home\u00bb _builder_version=\u00bb4.21.0&#8243; _dynamic_attributes=\u00bblink_option_url\u00bb _module_preset=\u00bbdefault\u00bb custom_padding=\u00bb0px||0px||false|false\u00bb link_option_url=\u00bb@ET-DC@eyJkeW5hbWljIjp0cnVlLCJjb250ZW50IjoicG9zdF9saW5rX3VybF9wYWdlIiwic2V0dGluZ3MiOnsicG9zdF9pZCI6IjI1OCJ9fQ==@\u00bb background_last_edited=\u00bboff|desktop\u00bb border_width_top=\u00bb2px\u00bb border_color_top=\u00bb#DF0000&#8243; global_colors_info=\u00bb{}\u00bb background__hover_enabled=\u00bbon|desktop\u00bb background_color__hover=\u00bb#DF0000&#8243; background_enable_color__hover=\u00bbon\u00bb][et_pb_row _builder_version=\u00bb4.21.0&#8243; _module_preset=\u00bbdefault\u00bb global_colors_info=\u00bb{}\u00bb][et_pb_column type=\u00bb4_4&#8243; _builder_version=\u00bb4.21.0&#8243; _module_preset=\u00bbdefault\u00bb global_colors_info=\u00bb{}\u00bb][et_pb_text _builder_version=\u00bb4.21.0&#8243; _module_preset=\u00bbdefault\u00bb text_font=\u00bb|300|||||||\u00bb text_text_color=\u00bb#DF0000&#8243; text_font_size=\u00bb2.5em\u00bb text_letter_spacing=\u00bb-1px\u00bb animation_style=\u00bbfade\u00bb global_colors_info=\u00bb{}\u00bb]<\/p>\n<p><a href=\"https:\/\/vazquezmontalban.bnc.cat\/es\/memoria\/\" title=\"Memoria\">MEMORIA<\/a><\/p>\n<p>[\/et_pb_text][\/et_pb_column][\/et_pb_row][\/et_pb_section][et_pb_section fb_built=\u00bb1&#8243; module_class=\u00bblink_home\u00bb _builder_version=\u00bb4.21.0&#8243; _dynamic_attributes=\u00bblink_option_url\u00bb _module_preset=\u00bbdefault\u00bb custom_padding=\u00bb0px||0px||false|false\u00bb link_option_url=\u00bb@ET-DC@eyJkeW5hbWljIjp0cnVlLCJjb250ZW50IjoicG9zdF9saW5rX3VybF9wYWdlIiwic2V0dGluZ3MiOnsicG9zdF9pZCI6IjM2NSJ9fQ==@\u00bb background_last_edited=\u00bboff|desktop\u00bb border_width_top=\u00bb2px\u00bb border_color_top=\u00bb#DF0000&#8243; global_colors_info=\u00bb{}\u00bb background__hover_enabled=\u00bbon|desktop\u00bb background_color__hover=\u00bb#DF0000&#8243; background_enable_color__hover=\u00bbon\u00bb][et_pb_row _builder_version=\u00bb4.21.0&#8243; _module_preset=\u00bbdefault\u00bb global_colors_info=\u00bb{}\u00bb][et_pb_column type=\u00bb4_4&#8243; _builder_version=\u00bb4.21.0&#8243; _module_preset=\u00bbdefault\u00bb global_colors_info=\u00bb{}\u00bb][et_pb_text _builder_version=\u00bb4.21.0&#8243; _module_preset=\u00bbdefault\u00bb text_font=\u00bb|300|||||||\u00bb text_text_color=\u00bb#DF0000&#8243; text_font_size=\u00bb2.5em\u00bb text_letter_spacing=\u00bb-1px\u00bb animation_style=\u00bbfade\u00bb global_colors_info=\u00bb{}\u00bb]<\/p>\n<p><a href=\"https:\/\/vazquezmontalban.bnc.cat\/es\/barcelona\/\" title=\"Barcelona\">BARCELONA<\/a><\/p>\n<p>[\/et_pb_text][\/et_pb_column][\/et_pb_row][\/et_pb_section][et_pb_section fb_built=\u00bb1&#8243; module_class=\u00bblink_home\u00bb _builder_version=\u00bb4.21.0&#8243; _dynamic_attributes=\u00bblink_option_url\u00bb _module_preset=\u00bbdefault\u00bb custom_padding=\u00bb0px||0px||false|false\u00bb link_option_url=\u00bb@ET-DC@eyJkeW5hbWljIjp0cnVlLCJjb250ZW50IjoicG9zdF9saW5rX3VybF9wYWdlIiwic2V0dGluZ3MiOnsicG9zdF9pZCI6IjM3MSJ9fQ==@\u00bb background_last_edited=\u00bboff|desktop\u00bb border_width_top=\u00bb2px\u00bb border_color_top=\u00bb#DF0000&#8243; global_colors_info=\u00bb{}\u00bb background__hover_enabled=\u00bbon|desktop\u00bb background_color__hover=\u00bb#DF0000&#8243; background_enable_color__hover=\u00bbon\u00bb][et_pb_row _builder_version=\u00bb4.21.0&#8243; _module_preset=\u00bbdefault\u00bb global_colors_info=\u00bb{}\u00bb][et_pb_column type=\u00bb4_4&#8243; _builder_version=\u00bb4.21.0&#8243; _module_preset=\u00bbdefault\u00bb global_colors_info=\u00bb{}\u00bb][et_pb_text _builder_version=\u00bb4.21.0&#8243; _module_preset=\u00bbdefault\u00bb text_font=\u00bb|300|||||||\u00bb text_text_color=\u00bb#DF0000&#8243; text_font_size=\u00bb2.5em\u00bb text_letter_spacing=\u00bb-1px\u00bb min_height=\u00bb28.2px\u00bb animation_style=\u00bbfade\u00bb global_colors_info=\u00bb{}\u00bb]<\/p>\n<p><a href=\"https:\/\/vazquezmontalban.bnc.cat\/es\/gastronomy\/\" title=\"Inicio\">GASTRONOM\u00cdA<\/a><\/p>\n<p>[\/et_pb_text][\/et_pb_column][\/et_pb_row][\/et_pb_section][et_pb_section fb_built=\u00bb1&#8243; module_class=\u00bblink_home\u00bb _builder_version=\u00bb4.21.0&#8243; _dynamic_attributes=\u00bblink_option_url\u00bb _module_preset=\u00bbdefault\u00bb custom_padding=\u00bb0px||0px||false|false\u00bb link_option_url=\u00bb@ET-DC@eyJkeW5hbWljIjp0cnVlLCJjb250ZW50IjoicG9zdF9saW5rX3VybF9wYWdlIiwic2V0dGluZ3MiOnsicG9zdF9pZCI6IjIwOSJ9fQ==@\u00bb background_last_edited=\u00bboff|desktop\u00bb border_width_top=\u00bb2px\u00bb border_color_top=\u00bb#DF0000&#8243; global_colors_info=\u00bb{}\u00bb background__hover_enabled=\u00bbon|desktop\u00bb background_color__hover=\u00bb#DF0000&#8243; background_enable_color__hover=\u00bbon\u00bb][et_pb_row _builder_version=\u00bb4.21.0&#8243; _module_preset=\u00bbdefault\u00bb global_colors_info=\u00bb{}\u00bb][et_pb_column type=\u00bb4_4&#8243; _builder_version=\u00bb4.21.0&#8243; _module_preset=\u00bbdefault\u00bb global_colors_info=\u00bb{}\u00bb][et_pb_text _builder_version=\u00bb4.22.2&#8243; _module_preset=\u00bbdefault\u00bb text_font=\u00bb|300|||||||\u00bb text_text_color=\u00bb#DF0000&#8243; text_font_size=\u00bb2.5em\u00bb text_letter_spacing=\u00bb-1px\u00bb animation_style=\u00bbfade\u00bb global_colors_info=\u00bb{}\u00bb]<\/p>\n<p><a href=\"https:\/\/vazquezmontalban.bnc.cat\/es\/f-c-barcelona\/\" title=\"F.C. Barcelona\">FUTBOL CLUB BARCELONA<\/a><\/p>\n<p>[\/et_pb_text][\/et_pb_column][\/et_pb_row][\/et_pb_section][et_pb_section fb_built=\u00bb1&#8243; module_class=\u00bblink_home\u00bb _builder_version=\u00bb4.22.0&#8243; _dynamic_attributes=\u00bblink_option_url\u00bb _module_preset=\u00bbdefault\u00bb custom_padding=\u00bb0px||0px||false|false\u00bb link_option_url=\u00bb@ET-DC@eyJkeW5hbWljIjp0cnVlLCJjb250ZW50IjoicG9zdF9saW5rX3VybF9wYWdlIiwic2V0dGluZ3MiOnsicG9zdF9pZCI6Ijk0NiJ9fQ==@\u00bb background_last_edited=\u00bboff|desktop\u00bb border_width_top=\u00bb2px\u00bb border_color_top=\u00bb#DF0000&#8243; global_colors_info=\u00bb{}\u00bb background__hover_enabled=\u00bbon|desktop\u00bb background_color__hover=\u00bb#DF0000&#8243; background_enable_color__hover=\u00bbon\u00bb][et_pb_row _builder_version=\u00bb4.21.0&#8243; _module_preset=\u00bbdefault\u00bb global_colors_info=\u00bb{}\u00bb][et_pb_column type=\u00bb4_4&#8243; _builder_version=\u00bb4.21.0&#8243; _module_preset=\u00bbdefault\u00bb global_colors_info=\u00bb{}\u00bb][et_pb_text _builder_version=\u00bb4.22.0&#8243; _module_preset=\u00bbdefault\u00bb text_font=\u00bb|300|||||||\u00bb text_text_color=\u00bb#DF0000&#8243; text_font_size=\u00bb2.5em\u00bb text_letter_spacing=\u00bb-1px\u00bb min_height=\u00bb28.2px\u00bb animation_style=\u00bbfade\u00bb global_colors_info=\u00bb{}\u00bb]<\/p>\n<p><a href=\"https:\/\/vazquezmontalban.bnc.cat\/es\/mexico\/\" title=\"M\u00e9xico\">M\u00c9XICO<\/a><\/p>\n<p>[\/et_pb_text][\/et_pb_column][\/et_pb_row][\/et_pb_section][et_pb_section fb_built=\u00bb1&#8243; module_class=\u00bblink_home\u00bb _builder_version=\u00bb4.22.0&#8243; _dynamic_attributes=\u00bblink_option_url\u00bb _module_preset=\u00bbdefault\u00bb custom_padding=\u00bb0px||0px||false|false\u00bb link_option_url=\u00bb@ET-DC@eyJkeW5hbWljIjp0cnVlLCJjb250ZW50IjoicG9zdF9saW5rX3VybF9wYWdlIiwic2V0dGluZ3MiOnsicG9zdF9pZCI6IjEwMDMifX0=@\u00bb background_last_edited=\u00bboff|desktop\u00bb border_width_top=\u00bb2px\u00bb border_color_top=\u00bb#DF0000&#8243; global_colors_info=\u00bb{}\u00bb background__hover_enabled=\u00bbon|desktop\u00bb background_color__hover=\u00bb#DF0000&#8243; background_enable_color__hover=\u00bbon\u00bb][et_pb_row _builder_version=\u00bb4.21.0&#8243; _module_preset=\u00bbdefault\u00bb global_colors_info=\u00bb{}\u00bb][et_pb_column type=\u00bb4_4&#8243; _builder_version=\u00bb4.21.0&#8243; _module_preset=\u00bbdefault\u00bb global_colors_info=\u00bb{}\u00bb][et_pb_text _builder_version=\u00bb4.22.0&#8243; _module_preset=\u00bbdefault\u00bb text_font=\u00bb|300|||||||\u00bb text_text_color=\u00bb#DF0000&#8243; text_font_size=\u00bb2.5em\u00bb text_letter_spacing=\u00bb-1px\u00bb min_height=\u00bb28.2px\u00bb animation_style=\u00bbfade\u00bb global_colors_info=\u00bb{}\u00bb]<\/p>\n<p><a href=\"https:\/\/vazquezmontalban.bnc.cat\/es\/america-latina\/\" title=\"Am\u00e9rica Latina\">AM\u00c9RICA LATINA<\/a><\/p>\n<p>[\/et_pb_text][\/et_pb_column][\/et_pb_row][\/et_pb_section][et_pb_section fb_built=\u00bb1&#8243; module_class=\u00bblink_home\u00bb _builder_version=\u00bb4.21.0&#8243; _dynamic_attributes=\u00bblink_option_url\u00bb _module_preset=\u00bbdefault\u00bb custom_padding=\u00bb0px||0px||false|false\u00bb link_option_url=\u00bb@ET-DC@eyJkeW5hbWljIjp0cnVlLCJjb250ZW50IjoicG9zdF9saW5rX3VybF9wYWdlIiwic2V0dGluZ3MiOnsicG9zdF9pZCI6IjQ1OSJ9fQ==@\u00bb background_last_edited=\u00bboff|desktop\u00bb border_width_top=\u00bb2px\u00bb border_color_top=\u00bb#DF0000&#8243; global_colors_info=\u00bb{}\u00bb background__hover_enabled=\u00bbon|desktop\u00bb background_color__hover=\u00bb#DF0000&#8243; background_enable_color__hover=\u00bbon\u00bb][et_pb_row _builder_version=\u00bb4.21.0&#8243; _module_preset=\u00bbdefault\u00bb global_colors_info=\u00bb{}\u00bb][et_pb_column type=\u00bb4_4&#8243; _builder_version=\u00bb4.21.0&#8243; _module_preset=\u00bbdefault\u00bb global_colors_info=\u00bb{}\u00bb][et_pb_text _builder_version=\u00bb4.22.2&#8243; _module_preset=\u00bbdefault\u00bb text_font=\u00bb|300|||||||\u00bb text_text_color=\u00bb#DF0000&#8243; text_font_size=\u00bb2.5em\u00bb text_letter_spacing=\u00bb-1px\u00bb min_height=\u00bb28.2px\u00bb animation_style=\u00bbfade\u00bb global_colors_info=\u00bb{}\u00bb]<\/p>\n<p><a href=\"https:\/\/vazquezmontalban.bnc.cat\/es\/compromiso-con-el-presente\/\" title=\"Compromiso Con El Presente\">COMPROMISO CON EL PRESENTE<\/a><\/p>\n<p>[\/et_pb_text][\/et_pb_column][\/et_pb_row][\/et_pb_section][et_pb_section fb_built=\u00bb1&#8243; module_class=\u00bblink_home\u00bb _builder_version=\u00bb4.21.0&#8243; _dynamic_attributes=\u00bblink_option_url\u00bb _module_preset=\u00bbdefault\u00bb custom_padding=\u00bb0px||0px||false|false\u00bb link_option_url=\u00bb@ET-DC@eyJkeW5hbWljIjp0cnVlLCJjb250ZW50IjoicG9zdF9saW5rX3VybF9wYWdlIiwic2V0dGluZ3MiOnsicG9zdF9pZCI6IjQ4NCJ9fQ==@\u00bb background_last_edited=\u00bboff|desktop\u00bb border_width_top=\u00bb2px\u00bb border_color_top=\u00bb#DF0000&#8243; border_width_bottom=\u00bb2px\u00bb border_color_bottom=\u00bb#DF0000&#8243; global_colors_info=\u00bb{}\u00bb background__hover_enabled=\u00bbon|desktop\u00bb background_color__hover=\u00bb#DF0000&#8243; background_enable_color__hover=\u00bbon\u00bb][et_pb_row _builder_version=\u00bb4.21.0&#8243; _module_preset=\u00bbdefault\u00bb global_colors_info=\u00bb{}\u00bb][et_pb_column type=\u00bb4_4&#8243; _builder_version=\u00bb4.21.0&#8243; _module_preset=\u00bbdefault\u00bb global_colors_info=\u00bb{}\u00bb][et_pb_text _builder_version=\u00bb4.21.0&#8243; _module_preset=\u00bbdefault\u00bb text_font=\u00bb|300|||||||\u00bb text_text_color=\u00bb#DF0000&#8243; text_font_size=\u00bb2.5em\u00bb text_letter_spacing=\u00bb-1px\u00bb min_height=\u00bb28.2px\u00bb animation_style=\u00bbfade\u00bb global_colors_info=\u00bb{}\u00bb]<\/p>\n<p><a href=\"https:\/\/vazquezmontalban.bnc.cat\/es\/politica\/\" title=\"Pol\u00edtica\">POL\u00cdTICA<\/a><\/p>\n<p>[\/et_pb_text][\/et_pb_column][\/et_pb_row][\/et_pb_section][et_pb_section fb_built=\u00bb1&#8243; _builder_version=\u00bb4.21.0&#8243; _module_preset=\u00bbdefault\u00bb global_colors_info=\u00bb{}\u00bb][et_pb_row custom_padding_last_edited=\u00bbon|phone\u00bb _builder_version=\u00bb4.22.1&#8243; _module_preset=\u00bbdefault\u00bb custom_margin=\u00bb||2em||false|false\u00bb custom_padding_tablet=\u00bb\u00bb custom_padding_phone=\u00bb0px||0px||false|false\u00bb global_colors_info=\u00bb{}\u00bb][et_pb_column type=\u00bb4_4&#8243; _builder_version=\u00bb4.21.0&#8243; _module_preset=\u00bbdefault\u00bb global_colors_info=\u00bb{}\u00bb][et_pb_text _builder_version=\u00bb4.22.2&#8243; _module_preset=\u00bbdefault\u00bb animation_style=\u00bbfade\u00bb global_colors_info=\u00bb{}\u00bb]<\/p>\n<h2>\u00abCuando \u00e9ramos peque\u00f1os, entre Barcelona y l\u2019Hospitalet hab\u00eda veinte quil\u00f3metros de solares. En Montju\u00efc, los palacios que <em>hab\u00edan caido<\/em> de la Expo eran explanadas donde \u00edbamos a <em>jugar a pelota<\/em>\u00bb<\/h2>\n<p>[\/et_pb_text][\/et_pb_column][\/et_pb_row][et_pb_row _builder_version=\u00bb4.21.0&#8243; _module_preset=\u00bbdefault\u00bb width=\u00bb100%\u00bb max_width=\u00bb100%\u00bb custom_margin=\u00bb0px||0px||false|false\u00bb custom_padding=\u00bb0px||0px||false|false\u00bb global_colors_info=\u00bb{}\u00bb][et_pb_column type=\u00bb4_4&#8243; _builder_version=\u00bb4.21.0&#8243; _module_preset=\u00bbdefault\u00bb global_colors_info=\u00bb{}\u00bb][dsm_card_carousel centered_slides=\u00bbon\u00bb slide_to_show=\u00bb4&#8243; equal_height=\u00bbon\u00bb dots=\u00bboff\u00bb module_class=\u00bbc\u00bb _builder_version=\u00bb4.22.2&#8243; _module_preset=\u00bbdefault\u00bb custom_margin=\u00bb0px||0px||false|false\u00bb custom_padding=\u00bb0px||0px||false|false\u00bb animation_style=\u00bbfade\u00bb global_colors_info=\u00bb{}\u00bb][dsm_card_carousel_child module_class=\u00bbimg_zoom_onhover\u00bb image=\u00bbhttps:\/\/vazquezmontalban.bnc.cat\/wp-content\/uploads\/2023\/07\/6-scaled.jpg\u00bb image_background_height=\u00bb500px\u00bb image_background_position=\u00bbcenter_right\u00bb image_popup=\u00bbon\u00bb image_popup_src=\u00bbhttps:\/\/vazquezmontalban.bnc.cat\/wp-content\/uploads\/2023\/07\/6-scaled.jpg\u00bb button_url_new_window=\u00bb1&#8243; _builder_version=\u00bb4.22.2&#8243; _module_preset=\u00bbdefault\u00bb body_text_color=\u00bb#F8F9F2&#8243; body_line_height=\u00bb1.4em\u00bb global_colors_info=\u00bb{}\u00bb parent_button=\u00bboff\u00bb parent_header_level=\u00bbh4&#8243;]Manuel V\u00e1zquez Montalb\u00e1n en el Premio Planeta de Novela en 1979.[\/dsm_card_carousel_child][dsm_card_carousel_child module_class=\u00bbimg_zoom_onhover\u00bb image=\u00bbhttps:\/\/vazquezmontalban.bnc.cat\/wp-content\/uploads\/2023\/07\/2-1-scaled.jpg\u00bb image_background_height=\u00bb500px\u00bb image_background_position=\u00bbcenter_right\u00bb image_popup=\u00bbon\u00bb image_popup_src=\u00bbhttps:\/\/vazquezmontalban.bnc.cat\/wp-content\/uploads\/2023\/07\/2-1-scaled.jpg\u00bb button_url_new_window=\u00bb1&#8243; _builder_version=\u00bb4.22.2&#8243; _module_preset=\u00bbdefault\u00bb body_text_color=\u00bb#F8F9F2&#8243; body_line_height=\u00bb1.4em\u00bb global_colors_info=\u00bb{}\u00bb parent_button=\u00bboff\u00bb parent_header_level=\u00bbh4&#8243;]Manuel V\u00e1zquez Montalb\u00e1n en el mercado de la Boquer\u00eda.[\/dsm_card_carousel_child][dsm_card_carousel_child module_class=\u00bbimg_zoom_onhover\u00bb image=\u00bbhttps:\/\/vazquezmontalban.bnc.cat\/wp-content\/uploads\/2023\/07\/3-1-scaled.jpg\u00bb image_background_height=\u00bb500px\u00bb image_popup=\u00bbon\u00bb image_popup_src=\u00bbhttps:\/\/vazquezmontalban.bnc.cat\/wp-content\/uploads\/2023\/07\/3-1-scaled.jpg\u00bb button_url_new_window=\u00bb1&#8243; _builder_version=\u00bb4.22.2&#8243; _module_preset=\u00bbdefault\u00bb body_text_color=\u00bb#F8F9F2&#8243; body_line_height=\u00bb1.4em\u00bb global_colors_info=\u00bb{}\u00bb parent_button=\u00bboff\u00bb parent_header_level=\u00bbh4&#8243;]Manuel V\u00e1zquez Montalb\u00e1n en su casa leyendo la prensa. Foto: Georges Bartol\u00ed.[\/dsm_card_carousel_child][dsm_card_carousel_child module_class=\u00bbimg_zoom_onhover\u00bb image=\u00bbhttps:\/\/vazquezmontalban.bnc.cat\/wp-content\/uploads\/2023\/07\/4-1-scaled.jpg\u00bb image_background_height=\u00bb500px\u00bb image_popup=\u00bbon\u00bb image_popup_src=\u00bbhttps:\/\/vazquezmontalban.bnc.cat\/wp-content\/uploads\/2023\/07\/4-1-scaled.jpg\u00bb button_url_new_window=\u00bb1&#8243; _builder_version=\u00bb4.22.2&#8243; _module_preset=\u00bbdefault\u00bb body_text_color=\u00bb#F8F9F2&#8243; body_line_height=\u00bb1.4em\u00bb global_colors_info=\u00bb{}\u00bb parent_button=\u00bboff\u00bb parent_header_level=\u00bbh4&#8243;]Manuel V\u00e1zquez Montalb\u00e1n con su perro. Foto: Georges Bartol\u00ed.[\/dsm_card_carousel_child][\/dsm_card_carousel][\/et_pb_column][\/et_pb_row][et_pb_row _builder_version=\u00bb4.21.0&#8243; _module_preset=\u00bbdefault\u00bb global_colors_info=\u00bb{}\u00bb][et_pb_column type=\u00bb4_4&#8243; _builder_version=\u00bb4.21.0&#8243; _module_preset=\u00bbdefault\u00bb global_colors_info=\u00bb{}\u00bb][et_pb_button button_url=\u00bb@ET-DC@eyJkeW5hbWljIjp0cnVlLCJjb250ZW50IjoicG9zdF9saW5rX3VybF9wYWdlIiwic2V0dGluZ3MiOnsicG9zdF9pZCI6IjgyOCJ9fQ==@\u00bb button_text=\u00bbIm\u00e1genes\u00bb _builder_version=\u00bb4.22.0&#8243; _dynamic_attributes=\u00bbbutton_url\u00bb _module_preset=\u00bbdefault\u00bb animation_style=\u00bbfade\u00bb global_colors_info=\u00bb{}\u00bb][\/et_pb_button][\/et_pb_column][\/et_pb_row][\/et_pb_section]<\/p>\n","protected":false},"excerpt":{"rendered":"<p>MANUELV\u00c1ZQUEZMONTALB\u00c1NBarcelona, 14\/06\/1939Bangkok, 18\/10\/2003ESCRITORPOETAPERIODISTAPERSONA P\u00daBLICARETRATO. FOTO: COLITAMi vida es m\u00e1s historia que vida hasta los a\u00f1os setenta, y desde entonces ha estado m\u00e1s literatura que vida.Fue un novelista, ensayista, poeta y periodista conocido en buena medida por sus novelas polic\u00edacas protagonizadas por Pepe Carvalho. Persona inclasificable, se defin\u00eda a si mismo como periodista, novelista, poeta, ensayista, ant\u00f3logo, prologuista, humorista, cr\u00edtico, gastr\u00f3nomo, cul\u00e9 y prol\u00edfico en general, o simplemente, como un comunista hedonista y sentimental. El 1991 le fue otorgado el Premio Nacional de Narrativa y el 1995 el Premio Nacional de las Letras Espa\u00f1olas. El fondo personal y buena parte de la biblioteca de Manuel Vazquez Montalb\u00e1n se encuentran disponibles en la Biblioteca de Catalunya gracias a la donaci\u00f3n que hizo su familia el 2016. La biblioteca consta de cerca de un millar de vol\u00famenes principalmente enfocados al \u00e1mbito human\u00edstico (literatura, periodismo y comunicaci\u00f3n, pol\u00edtica, historia, art&#8230;) pero tambi\u00e9n a los deportes o la gastronom\u00eda; se puede recuperar todo el conjunto en el cat\u00e1logo de la Biblioteca de Catalunya buscando por Fons Manuel V\u00e1zquez Montalb\u00e1n (Biblioteca de Catalunya). Tanto sus papeles (manuscritos, mecanuscritos, etc.), como el material sonoro\u00a0 y audiovisual \u2014mayoritariamente de car\u00e1cter no comercial, una parte del cual contiene grabaciones [&hellip;]<\/p>\n","protected":false},"author":1,"featured_media":0,"parent":0,"menu_order":0,"comment_status":"closed","ping_status":"closed","template":"","meta":{"_et_pb_use_builder":"on","_et_pb_old_content":"","_et_gb_content_width":"","inline_featured_image":false,"footnotes":""},"class_list":["post-1241","page","type-page","status-publish","hentry"],"acf":[],"_links":{"self":[{"href":"https:\/\/vazquezmontalban.bnc.cat\/es\/wp-json\/wp\/v2\/pages\/1241","targetHints":{"allow":["GET"]}}],"collection":[{"href":"https:\/\/vazquezmontalban.bnc.cat\/es\/wp-json\/wp\/v2\/pages"}],"about":[{"href":"https:\/\/vazquezmontalban.bnc.cat\/es\/wp-json\/wp\/v2\/types\/page"}],"author":[{"embeddable":true,"href":"https:\/\/vazquezmontalban.bnc.cat\/es\/wp-json\/wp\/v2\/users\/1"}],"replies":[{"embeddable":true,"href":"https:\/\/vazquezmontalban.bnc.cat\/es\/wp-json\/wp\/v2\/comments?post=1241"}],"version-history":[{"count":31,"href":"https:\/\/vazquezmontalban.bnc.cat\/es\/wp-json\/wp\/v2\/pages\/1241\/revisions"}],"predecessor-version":[{"id":2643,"href":"https:\/\/vazquezmontalban.bnc.cat\/es\/wp-json\/wp\/v2\/pages\/1241\/revisions\/2643"}],"wp:attachment":[{"href":"https:\/\/vazquezmontalban.bnc.cat\/es\/wp-json\/wp\/v2\/media?parent=1241"}],"curies":[{"name":"wp","href":"https:\/\/api.w.org\/{rel}","templated":true}]}}